{"id":5254,"date":"2024-11-25T11:36:05","date_gmt":"2024-11-25T11:36:05","guid":{"rendered":"https:\/\/renegraeber.de\/blog\/?page_id=5254"},"modified":"2026-04-11T10:43:07","modified_gmt":"2026-04-11T10:43:07","slug":"blog","status":"publish","type":"page","link":"https:\/\/renegraeber.de\/blog\/","title":{"rendered":"Blog"},"content":{"rendered":"<div  class='avia-slideshow av-m3x0jlqg-3c553a43c3dc5822c0fc525aee5d0bda avia-slideshow-no scaling av_slideshow avia-slide-slider  avia-builder-el-0  el_before_av_two_third  avia-builder-el-first  av-slideshow-ui av-control-default av-slideshow-manual av-loop-once av-loop-manual-endless av-default-height-applied avia-slideshow-1' data-slideshow-options=\"{&quot;animation&quot;:&quot;slide&quot;,&quot;autoplay&quot;:false,&quot;loop_autoplay&quot;:&quot;once&quot;,&quot;interval&quot;:5,&quot;loop_manual&quot;:&quot;manual-endless&quot;,&quot;autoplay_stopper&quot;:false,&quot;noNavigation&quot;:false,&quot;bg_slider&quot;:false,&quot;keep_padding&quot;:false,&quot;hoverpause&quot;:false,&quot;show_slide_delay&quot;:0}\"  itemprop=\"image\" itemscope=\"itemscope\" itemtype=\"https:\/\/schema.org\/ImageObject\" ><ul class='avia-slideshow-inner ' style='padding-bottom: 33.3125%;'><li  class='avia-slideshow-slide av-m3x0jlqg-3c553a43c3dc5822c0fc525aee5d0bda__0  av-single-slide slide-1 slide-odd'><div data-rel='slideshow-1' class='avia-slide-wrap '   ><img decoding=\"async\" fetchpriority=\"high\" class=\"wp-image-5703 avia-img-lazy-loading-not-5703\"  src=\"https:\/\/renegraeber.de\/blog\/wp-content\/uploads\/2025\/11\/rgb.jpg\" width=\"1600\" height=\"533\" title='rgb' alt=''  itemprop=\"thumbnailUrl\" srcset=\"https:\/\/renegraeber.de\/blog\/wp-content\/uploads\/2025\/11\/rgb.jpg 1600w, https:\/\/renegraeber.de\/blog\/wp-content\/uploads\/2025\/11\/rgb-300x100.jpg 300w, https:\/\/renegraeber.de\/blog\/wp-content\/uploads\/2025\/11\/rgb-1030x343.jpg 1030w, https:\/\/renegraeber.de\/blog\/wp-content\/uploads\/2025\/11\/rgb-768x256.jpg 768w, https:\/\/renegraeber.de\/blog\/wp-content\/uploads\/2025\/11\/rgb-1536x512.jpg 1536w, https:\/\/renegraeber.de\/blog\/wp-content\/uploads\/2025\/11\/rgb-1500x500.jpg 1500w, https:\/\/renegraeber.de\/blog\/wp-content\/uploads\/2025\/11\/rgb-705x235.jpg 705w, https:\/\/renegraeber.de\/blog\/wp-content\/uploads\/2025\/11\/rgb-50x17.jpg 50w, https:\/\/renegraeber.de\/blog\/wp-content\/uploads\/2025\/11\/rgb-100x33.jpg 100w\" sizes=\"(max-width: 1600px) 100vw, 1600px\" \/><\/div><\/li><\/ul><\/div>\n<div  class='flex_column av-22a5hi-186f194b94cf3ea4ddf14b8418e961d3 av_two_third  avia-builder-el-1  el_after_av_slideshow  el_before_av_one_third  first flex_column_div  '     ><div  data-slideshow-options=\"{&quot;animation&quot;:&quot;fade&quot;,&quot;autoplay&quot;:false,&quot;loop_autoplay&quot;:&quot;once&quot;,&quot;interval&quot;:5,&quot;loop_manual&quot;:&quot;manual-endless&quot;,&quot;autoplay_stopper&quot;:false,&quot;noNavigation&quot;:false,&quot;show_slide_delay&quot;:90}\" class='avia-content-slider avia-content-grid-active avia-content-slider1 avia-content-slider-even  avia-builder-el-2  avia-builder-el-no-sibling  av-slideshow-ui av-control-default   av-no-slider-navigation av-slideshow-manual av-loop-once av-loop-manual-endless '  itemscope=\"itemscope\" itemtype=\"https:\/\/schema.org\/Blog\" ><div class=\"avia-content-slider-inner\"><div class=\"slide-entry-wrap\"><article class='slide-entry flex_column  post-entry post-entry-5811 slide-entry-overview slide-loop-1 slide-parity-odd  av_one_half first real-thumbnail posttype-post post-format-standard'  itemscope=\"itemscope\" itemtype=\"https:\/\/schema.org\/CreativeWork\" ><a href='https:\/\/renegraeber.de\/blog\/wann-beginnt-das-altern\/' data-rel='slide-1' class='slide-image' title='Wann beginnt das Altern wirklich? Neue Daten'><img decoding=\"async\" fetchpriority=\"high\" width=\"495\" height=\"273\" src=\"https:\/\/renegraeber.de\/blog\/wp-content\/uploads\/2026\/02\/geralt-face-1987212_640-495x273.jpg\" class=\"wp-image-5812 avia-img-lazy-loading-not-5812 attachment-portfolio size-portfolio wp-post-image\" alt=\"\" \/><\/a><div class=\"slide-content\"><header class=\"entry-content-header\" aria-label=\"Slide: Wann beginnt das Altern wirklich? Neue Daten\"><span class=\"blog-categories minor-meta\"><a href=\"https:\/\/renegraeber.de\/blog\/category\/gesundheit\/\" rel=\"tag\">Gesundheit<\/a> <\/span><h3 class='slide-entry-title entry-title '  itemprop=\"headline\" ><a href='https:\/\/renegraeber.de\/blog\/wann-beginnt-das-altern\/' title='Wann beginnt das Altern wirklich? Neue Daten'>Wann beginnt das Altern wirklich? Neue Daten<\/a><\/h3><span class=\"av-vertical-delimiter\"><\/span><\/header><div class='slide-entry-excerpt entry-content'  itemprop=\"text\" >Alt werden wir nicht erst mit grauen Haaren. Wir werden alt, lange bevor wir es merken.\r\n\r\nDie g\u00e4ngige Vorstellung lautet: Mit 60 beginnt das Alter. Die Biologie sieht das anders. Studien zeigen, dass sich bereits Anfang 30 messbare Ver\u00e4nderungen\u2026<div class=\"read-more-link\"><a href=\"https:\/\/renegraeber.de\/blog\/wann-beginnt-das-altern\/\" class=\"more-link\">Weiterlesen<span class=\"more-link-arrow\"><\/span><\/a><\/div><\/div><\/div><footer class=\"entry-footer\"><div class=\"slide-meta\"><time class='slide-meta-time updated'  itemprop=\"datePublished\" datetime=\"2026-03-18T08:00:44+00:00\" >M\u00e4rz 18, 2026<\/time><div class=\"slide-meta-del\">\/<\/div><div class=\"slide-meta-comments\"><a href='https:\/\/renegraeber.de\/blog\/wann-beginnt-das-altern\/#respond'>0 Kommentare<\/a><\/div><\/div><\/footer><span class='hidden'>\n\t\t\t\t<span class='av-structured-data'  itemprop=\"image\" itemscope=\"itemscope\" itemtype=\"https:\/\/schema.org\/ImageObject\" >\n\t\t\t\t\t\t<span itemprop='url'>https:\/\/renegraeber.de\/blog\/wp-content\/uploads\/2026\/02\/geralt-face-1987212_640.jpg<\/span>\n\t\t\t\t\t\t<span itemprop='height'>273<\/span>\n\t\t\t\t\t\t<span itemprop='width'>640<\/span>\n\t\t\t\t<\/span>\n\t\t\t\t<span class='av-structured-data'  itemprop=\"publisher\" itemtype=\"https:\/\/schema.org\/Organization\" itemscope=\"itemscope\" >\n\t\t\t\t\t\t<span itemprop='name'>L.M.<\/span>\n\t\t\t\t\t\t<span itemprop='logo' itemscope itemtype='https:\/\/schema.org\/ImageObject'>\n\t\t\t\t\t\t\t<span itemprop='url'>https:\/\/renegraeber.de\/blog\/wp-content\/uploads\/2024\/11\/bloga.png<\/span>\n\t\t\t\t\t\t<\/span>\n\t\t\t\t<\/span><span class='av-structured-data'  itemprop=\"author\" itemscope=\"itemscope\" itemtype=\"https:\/\/schema.org\/Person\" ><span itemprop='name'>L.M.<\/span><\/span><span class='av-structured-data'  itemprop=\"datePublished\" datetime=\"2024-11-25T11:36:05+00:00\" >2026-03-18 08:00:44<\/span><span class='av-structured-data'  itemprop=\"dateModified\" itemtype=\"https:\/\/schema.org\/dateModified\" >2026-02-19 06:11:20<\/span><span class='av-structured-data'  itemprop=\"mainEntityOfPage\" itemtype=\"https:\/\/schema.org\/mainEntityOfPage\" ><span itemprop='name'>Wann beginnt das Altern wirklich? Neue Daten<\/span><\/span><\/span><\/article><article class='slide-entry flex_column  post-entry post-entry-5807 slide-entry-overview slide-loop-2 slide-parity-even  av_one_half  real-thumbnail posttype-post post-format-standard'  itemscope=\"itemscope\" itemtype=\"https:\/\/schema.org\/CreativeWork\" ><a href='https:\/\/renegraeber.de\/blog\/whistleblower-amalgam-zahnarzt-usa-gefeuert\/' data-rel='slide-1' class='slide-image' title='Whistleblower gefeuert wegen Amalgam-Warnung'><img decoding=\"async\" fetchpriority=\"high\" width=\"495\" height=\"400\" src=\"https:\/\/renegraeber.de\/blog\/wp-content\/uploads\/2026\/02\/movidagrafica-dentist-4373290_640-495x400.jpg\" class=\"wp-image-5808 avia-img-lazy-loading-not-5808 attachment-portfolio size-portfolio wp-post-image\" alt=\"\" \/><\/a><div class=\"slide-content\"><header class=\"entry-content-header\" aria-label=\"Slide: Whistleblower gefeuert wegen Amalgam-Warnung\"><span class=\"blog-categories minor-meta\"><a href=\"https:\/\/renegraeber.de\/blog\/category\/gesundheit\/\" rel=\"tag\">Gesundheit<\/a> <\/span><h3 class='slide-entry-title entry-title '  itemprop=\"headline\" ><a href='https:\/\/renegraeber.de\/blog\/whistleblower-amalgam-zahnarzt-usa-gefeuert\/' title='Whistleblower gefeuert wegen Amalgam-Warnung'>Whistleblower gefeuert wegen Amalgam-Warnung<\/a><\/h3><span class=\"av-vertical-delimiter\"><\/span><\/header><div class='slide-entry-excerpt entry-content'  itemprop=\"text\" >F\u00fcnf Stunden. Mehr Zeit brauchte es offenbar nicht, um einen Zahnarzt loszuwerden, der vor Quecksilber in Zahnf\u00fcllungen warnte.\r\n\r\nEin Vertragszahnarzt im US-Bundesstaat Colorado schl\u00e4gt Alarm, verweist auf bestehende FDA-Warnungen zu Amalgam\u2026<div class=\"read-more-link\"><a href=\"https:\/\/renegraeber.de\/blog\/whistleblower-amalgam-zahnarzt-usa-gefeuert\/\" class=\"more-link\">Weiterlesen<span class=\"more-link-arrow\"><\/span><\/a><\/div><\/div><\/div><footer class=\"entry-footer\"><div class=\"slide-meta\"><time class='slide-meta-time updated'  itemprop=\"datePublished\" datetime=\"2026-03-14T08:00:06+00:00\" >M\u00e4rz 14, 2026<\/time><div class=\"slide-meta-del\">\/<\/div><div class=\"slide-meta-comments\"><a href='https:\/\/renegraeber.de\/blog\/whistleblower-amalgam-zahnarzt-usa-gefeuert\/#respond'>0 Kommentare<\/a><\/div><\/div><\/footer><span class='hidden'>\n\t\t\t\t<span class='av-structured-data'  itemprop=\"image\" itemscope=\"itemscope\" itemtype=\"https:\/\/schema.org\/ImageObject\" >\n\t\t\t\t\t\t<span itemprop='url'>https:\/\/renegraeber.de\/blog\/wp-content\/uploads\/2026\/02\/movidagrafica-dentist-4373290_640.jpg<\/span>\n\t\t\t\t\t\t<span itemprop='height'>424<\/span>\n\t\t\t\t\t\t<span itemprop='width'>640<\/span>\n\t\t\t\t<\/span>\n\t\t\t\t<span class='av-structured-data'  itemprop=\"publisher\" itemtype=\"https:\/\/schema.org\/Organization\" itemscope=\"itemscope\" >\n\t\t\t\t\t\t<span itemprop='name'>L.M.<\/span>\n\t\t\t\t\t\t<span itemprop='logo' itemscope itemtype='https:\/\/schema.org\/ImageObject'>\n\t\t\t\t\t\t\t<span itemprop='url'>https:\/\/renegraeber.de\/blog\/wp-content\/uploads\/2024\/11\/bloga.png<\/span>\n\t\t\t\t\t\t<\/span>\n\t\t\t\t<\/span><span class='av-structured-data'  itemprop=\"author\" itemscope=\"itemscope\" itemtype=\"https:\/\/schema.org\/Person\" ><span itemprop='name'>L.M.<\/span><\/span><span class='av-structured-data'  itemprop=\"datePublished\" datetime=\"2024-11-25T11:36:05+00:00\" >2026-03-14 08:00:06<\/span><span class='av-structured-data'  itemprop=\"dateModified\" itemtype=\"https:\/\/schema.org\/dateModified\" >2026-02-19 06:02:51<\/span><span class='av-structured-data'  itemprop=\"mainEntityOfPage\" itemtype=\"https:\/\/schema.org\/mainEntityOfPage\" ><span itemprop='name'>Whistleblower gefeuert wegen Amalgam-Warnung<\/span><\/span><\/span><\/article><\/div><div class=\"slide-entry-wrap\"><article class='slide-entry flex_column  post-entry post-entry-5803 slide-entry-overview slide-loop-3 slide-parity-odd  av_one_half first real-thumbnail posttype-post post-format-standard'  itemscope=\"itemscope\" itemtype=\"https:\/\/schema.org\/CreativeWork\" ><a href='https:\/\/renegraeber.de\/blog\/lebenserwartung-durch-lebensstil-studie\/' data-rel='slide-1' class='slide-image' title='Lebenserwartung erh\u00f6hen: Was wirklich wirkt'><img decoding=\"async\" fetchpriority=\"high\" width=\"495\" height=\"400\" src=\"https:\/\/renegraeber.de\/blog\/wp-content\/uploads\/2026\/02\/pexels-walking-1868652_640-495x400.jpg\" class=\"wp-image-5804 avia-img-lazy-loading-not-5804 attachment-portfolio size-portfolio wp-post-image\" alt=\"\" \/><\/a><div class=\"slide-content\"><header class=\"entry-content-header\" aria-label=\"Slide: Lebenserwartung erh\u00f6hen: Was wirklich wirkt\"><span class=\"blog-categories minor-meta\"><a href=\"https:\/\/renegraeber.de\/blog\/category\/gesundheit\/\" rel=\"tag\">Gesundheit<\/a> <\/span><h3 class='slide-entry-title entry-title '  itemprop=\"headline\" ><a href='https:\/\/renegraeber.de\/blog\/lebenserwartung-durch-lebensstil-studie\/' title='Lebenserwartung erh\u00f6hen: Was wirklich wirkt'>Lebenserwartung erh\u00f6hen: Was wirklich wirkt<\/a><\/h3><span class=\"av-vertical-delimiter\"><\/span><\/header><div class='slide-entry-excerpt entry-content'  itemprop=\"text\" >Wir leben im Zeitalter der Hochleistungsmedizin \u2013 und gleichzeitig sinkt in vielen Industriel\u00e4ndern die Lebenserwartung. Trotz Milliarden f\u00fcr Medikamente, Screeningprogramme und \u201eDurchbr\u00fcche\u201c bleibt die entscheidende Frage offen: Verl\u00e4ngern\u2026<div class=\"read-more-link\"><a href=\"https:\/\/renegraeber.de\/blog\/lebenserwartung-durch-lebensstil-studie\/\" class=\"more-link\">Weiterlesen<span class=\"more-link-arrow\"><\/span><\/a><\/div><\/div><\/div><footer class=\"entry-footer\"><div class=\"slide-meta\"><time class='slide-meta-time updated'  itemprop=\"datePublished\" datetime=\"2026-03-10T08:00:05+00:00\" >M\u00e4rz 10, 2026<\/time><div class=\"slide-meta-del\">\/<\/div><div class=\"slide-meta-comments\"><a href='https:\/\/renegraeber.de\/blog\/lebenserwartung-durch-lebensstil-studie\/#respond'>0 Kommentare<\/a><\/div><\/div><\/footer><span class='hidden'>\n\t\t\t\t<span class='av-structured-data'  itemprop=\"image\" itemscope=\"itemscope\" itemtype=\"https:\/\/schema.org\/ImageObject\" >\n\t\t\t\t\t\t<span itemprop='url'>https:\/\/renegraeber.de\/blog\/wp-content\/uploads\/2026\/02\/pexels-walking-1868652_640.jpg<\/span>\n\t\t\t\t\t\t<span itemprop='height'>427<\/span>\n\t\t\t\t\t\t<span itemprop='width'>640<\/span>\n\t\t\t\t<\/span>\n\t\t\t\t<span class='av-structured-data'  itemprop=\"publisher\" itemtype=\"https:\/\/schema.org\/Organization\" itemscope=\"itemscope\" >\n\t\t\t\t\t\t<span itemprop='name'>L.M.<\/span>\n\t\t\t\t\t\t<span itemprop='logo' itemscope itemtype='https:\/\/schema.org\/ImageObject'>\n\t\t\t\t\t\t\t<span itemprop='url'>https:\/\/renegraeber.de\/blog\/wp-content\/uploads\/2024\/11\/bloga.png<\/span>\n\t\t\t\t\t\t<\/span>\n\t\t\t\t<\/span><span class='av-structured-data'  itemprop=\"author\" itemscope=\"itemscope\" itemtype=\"https:\/\/schema.org\/Person\" ><span itemprop='name'>L.M.<\/span><\/span><span class='av-structured-data'  itemprop=\"datePublished\" datetime=\"2024-11-25T11:36:05+00:00\" >2026-03-10 08:00:05<\/span><span class='av-structured-data'  itemprop=\"dateModified\" itemtype=\"https:\/\/schema.org\/dateModified\" >2026-02-19 05:54:46<\/span><span class='av-structured-data'  itemprop=\"mainEntityOfPage\" itemtype=\"https:\/\/schema.org\/mainEntityOfPage\" ><span itemprop='name'>Lebenserwartung erh\u00f6hen: Was wirklich wirkt<\/span><\/span><\/span><\/article><article class='slide-entry flex_column  post-entry post-entry-5798 slide-entry-overview slide-loop-4 slide-parity-even  av_one_half  real-thumbnail posttype-post post-format-standard'  itemscope=\"itemscope\" itemtype=\"https:\/\/schema.org\/CreativeWork\" ><a href='https:\/\/renegraeber.de\/blog\/fahrverhalten-demenz-fruehwarnzeichen\/' data-rel='slide-1' class='slide-image' title='Demenz fr\u00fch erkennen durch ver\u00e4ndertes Autofahren?'><img decoding=\"async\" fetchpriority=\"high\" width=\"495\" height=\"378\" src=\"https:\/\/renegraeber.de\/blog\/wp-content\/uploads\/2026\/02\/bobtheskater-driving-2934477_640-495x378.jpg\" class=\"wp-image-5799 avia-img-lazy-loading-not-5799 attachment-portfolio size-portfolio wp-post-image\" alt=\"\" \/><\/a><div class=\"slide-content\"><header class=\"entry-content-header\" aria-label=\"Slide: Demenz fr\u00fch erkennen durch ver\u00e4ndertes Autofahren?\"><span class=\"blog-categories minor-meta\"><a href=\"https:\/\/renegraeber.de\/blog\/category\/allgemein\/\" rel=\"tag\">Allgemein<\/a> <\/span><h3 class='slide-entry-title entry-title '  itemprop=\"headline\" ><a href='https:\/\/renegraeber.de\/blog\/fahrverhalten-demenz-fruehwarnzeichen\/' title='Demenz fr\u00fch erkennen durch ver\u00e4ndertes Autofahren?'>Demenz fr\u00fch erkennen durch ver\u00e4ndertes Autofahren?<\/a><\/h3><span class=\"av-vertical-delimiter\"><\/span><\/header><div class='slide-entry-excerpt entry-content'  itemprop=\"text\" >Manche Diagnosen k\u00fcndigen sich nicht mit dramatischen Symptomen an, sondern mit kleinen, unscheinbaren Ver\u00e4nderungen. Weniger Nachtfahrten. Keine langen Strecken mehr. Vertraute Routen statt neuer Wege.\r\n\r\nWas nach reiner Vorsicht klingt,\u2026<div class=\"read-more-link\"><a href=\"https:\/\/renegraeber.de\/blog\/fahrverhalten-demenz-fruehwarnzeichen\/\" class=\"more-link\">Weiterlesen<span class=\"more-link-arrow\"><\/span><\/a><\/div><\/div><\/div><footer class=\"entry-footer\"><div class=\"slide-meta\"><time class='slide-meta-time updated'  itemprop=\"datePublished\" datetime=\"2026-03-06T08:00:31+00:00\" >M\u00e4rz 6, 2026<\/time><div class=\"slide-meta-del\">\/<\/div><div class=\"slide-meta-comments\"><a href='https:\/\/renegraeber.de\/blog\/fahrverhalten-demenz-fruehwarnzeichen\/#comments'>1 Kommentar<\/a><\/div><\/div><\/footer><span class='hidden'>\n\t\t\t\t<span class='av-structured-data'  itemprop=\"image\" itemscope=\"itemscope\" itemtype=\"https:\/\/schema.org\/ImageObject\" >\n\t\t\t\t\t\t<span itemprop='url'>https:\/\/renegraeber.de\/blog\/wp-content\/uploads\/2026\/02\/bobtheskater-driving-2934477_640.jpg<\/span>\n\t\t\t\t\t\t<span itemprop='height'>378<\/span>\n\t\t\t\t\t\t<span itemprop='width'>640<\/span>\n\t\t\t\t<\/span>\n\t\t\t\t<span class='av-structured-data'  itemprop=\"publisher\" itemtype=\"https:\/\/schema.org\/Organization\" itemscope=\"itemscope\" >\n\t\t\t\t\t\t<span itemprop='name'>L.M.<\/span>\n\t\t\t\t\t\t<span itemprop='logo' itemscope itemtype='https:\/\/schema.org\/ImageObject'>\n\t\t\t\t\t\t\t<span itemprop='url'>https:\/\/renegraeber.de\/blog\/wp-content\/uploads\/2024\/11\/bloga.png<\/span>\n\t\t\t\t\t\t<\/span>\n\t\t\t\t<\/span><span class='av-structured-data'  itemprop=\"author\" itemscope=\"itemscope\" itemtype=\"https:\/\/schema.org\/Person\" ><span itemprop='name'>L.M.<\/span><\/span><span class='av-structured-data'  itemprop=\"datePublished\" datetime=\"2024-11-25T11:36:05+00:00\" >2026-03-06 08:00:31<\/span><span class='av-structured-data'  itemprop=\"dateModified\" itemtype=\"https:\/\/schema.org\/dateModified\" >2026-02-18 19:38:58<\/span><span class='av-structured-data'  itemprop=\"mainEntityOfPage\" itemtype=\"https:\/\/schema.org\/mainEntityOfPage\" ><span itemprop='name'>Demenz fr\u00fch erkennen durch ver\u00e4ndertes Autofahren?<\/span><\/span><\/span><\/article><\/div><div class=\"slide-entry-wrap\"><article class='slide-entry flex_column  post-entry post-entry-5794 slide-entry-overview slide-loop-5 slide-parity-odd  av_one_half first real-thumbnail posttype-post post-format-standard'  itemscope=\"itemscope\" itemtype=\"https:\/\/schema.org\/CreativeWork\" ><a href='https:\/\/renegraeber.de\/blog\/usa-ernaehrungspyramide-2025\/' data-rel='slide-1' class='slide-image' title='USA kippen Nahrungspyramide \u2013 mehr Fett, mehr Protein'><img decoding=\"async\" fetchpriority=\"high\" width=\"495\" height=\"325\" src=\"https:\/\/renegraeber.de\/blog\/wp-content\/uploads\/2026\/02\/stux-meal-191902_640-495x325.jpg\" class=\"wp-image-5795 avia-img-lazy-loading-not-5795 attachment-portfolio size-portfolio wp-post-image\" alt=\"\" \/><\/a><div class=\"slide-content\"><header class=\"entry-content-header\" aria-label=\"Slide: USA kippen Nahrungspyramide \u2013 mehr Fett, mehr Protein\"><span class=\"blog-categories minor-meta\"><a href=\"https:\/\/renegraeber.de\/blog\/category\/gesundheit\/\" rel=\"tag\">Gesundheit<\/a> <\/span><h3 class='slide-entry-title entry-title '  itemprop=\"headline\" ><a href='https:\/\/renegraeber.de\/blog\/usa-ernaehrungspyramide-2025\/' title='USA kippen Nahrungspyramide \u2013 mehr Fett, mehr Protein'>USA kippen Nahrungspyramide \u2013 mehr Fett, mehr Protein<\/a><\/h3><span class=\"av-vertical-delimiter\"><\/span><\/header><div class='slide-entry-excerpt entry-content'  itemprop=\"text\" >Jahrzehntelang galt Getreide als Fundament gesunder Ern\u00e4hrung \u2013 und ges\u00e4ttigte Fette als Risiko mit Ansage. Nun stellen die USA dieses Dogma offen infrage.\r\n\r\nMit den neuen Ern\u00e4hrungsleitlinien 2025\u20132030 r\u00fccken Protein, vollfette Milchprodukte\u2026<div class=\"read-more-link\"><a href=\"https:\/\/renegraeber.de\/blog\/usa-ernaehrungspyramide-2025\/\" class=\"more-link\">Weiterlesen<span class=\"more-link-arrow\"><\/span><\/a><\/div><\/div><\/div><footer class=\"entry-footer\"><div class=\"slide-meta\"><time class='slide-meta-time updated'  itemprop=\"datePublished\" datetime=\"2026-03-03T08:00:31+00:00\" >M\u00e4rz 3, 2026<\/time><div class=\"slide-meta-del\">\/<\/div><div class=\"slide-meta-comments\"><a href='https:\/\/renegraeber.de\/blog\/usa-ernaehrungspyramide-2025\/#respond'>0 Kommentare<\/a><\/div><\/div><\/footer><span class='hidden'>\n\t\t\t\t<span class='av-structured-data'  itemprop=\"image\" itemscope=\"itemscope\" itemtype=\"https:\/\/schema.org\/ImageObject\" >\n\t\t\t\t\t\t<span itemprop='url'>https:\/\/renegraeber.de\/blog\/wp-content\/uploads\/2026\/02\/stux-meal-191902_640.jpg<\/span>\n\t\t\t\t\t\t<span itemprop='height'>325<\/span>\n\t\t\t\t\t\t<span itemprop='width'>640<\/span>\n\t\t\t\t<\/span>\n\t\t\t\t<span class='av-structured-data'  itemprop=\"publisher\" itemtype=\"https:\/\/schema.org\/Organization\" itemscope=\"itemscope\" >\n\t\t\t\t\t\t<span itemprop='name'>L.M.<\/span>\n\t\t\t\t\t\t<span itemprop='logo' itemscope itemtype='https:\/\/schema.org\/ImageObject'>\n\t\t\t\t\t\t\t<span itemprop='url'>https:\/\/renegraeber.de\/blog\/wp-content\/uploads\/2024\/11\/bloga.png<\/span>\n\t\t\t\t\t\t<\/span>\n\t\t\t\t<\/span><span class='av-structured-data'  itemprop=\"author\" itemscope=\"itemscope\" itemtype=\"https:\/\/schema.org\/Person\" ><span itemprop='name'>L.M.<\/span><\/span><span class='av-structured-data'  itemprop=\"datePublished\" datetime=\"2024-11-25T11:36:05+00:00\" >2026-03-03 08:00:31<\/span><span class='av-structured-data'  itemprop=\"dateModified\" itemtype=\"https:\/\/schema.org\/dateModified\" >2026-02-18 19:32:55<\/span><span class='av-structured-data'  itemprop=\"mainEntityOfPage\" itemtype=\"https:\/\/schema.org\/mainEntityOfPage\" ><span itemprop='name'>USA kippen Nahrungspyramide \u2013 mehr Fett, mehr Protein<\/span><\/span><\/span><\/article><article class='slide-entry flex_column  post-entry post-entry-5786 slide-entry-overview slide-loop-6 slide-parity-even  av_one_half  real-thumbnail posttype-post post-format-standard'  itemscope=\"itemscope\" itemtype=\"https:\/\/schema.org\/CreativeWork\" ><a href='https:\/\/renegraeber.de\/blog\/koloskopie-darmreinigung-risiko-mikrobiom\/' data-rel='slide-1' class='slide-image' title='Koloskopie: Gef\u00e4hrdet die Darmvorbereitung das Mikrobiom?'><img decoding=\"async\" fetchpriority=\"high\" width=\"495\" height=\"400\" src=\"https:\/\/renegraeber.de\/blog\/wp-content\/uploads\/2026\/02\/elionas2-offal-1463369_640-495x400.png\" class=\"wp-image-5787 avia-img-lazy-loading-not-5787 attachment-portfolio size-portfolio wp-post-image\" alt=\"\" \/><\/a><div class=\"slide-content\"><header class=\"entry-content-header\" aria-label=\"Slide: Koloskopie: Gef\u00e4hrdet die Darmvorbereitung das Mikrobiom?\"><span class=\"blog-categories minor-meta\"><a href=\"https:\/\/renegraeber.de\/blog\/category\/gesundheit\/\" rel=\"tag\">Gesundheit<\/a> <\/span><h3 class='slide-entry-title entry-title '  itemprop=\"headline\" ><a href='https:\/\/renegraeber.de\/blog\/koloskopie-darmreinigung-risiko-mikrobiom\/' title='Koloskopie: Gef\u00e4hrdet die Darmvorbereitung das Mikrobiom?'>Koloskopie: Gef\u00e4hrdet die Darmvorbereitung das Mikrobiom?<\/a><\/h3><span class=\"av-vertical-delimiter\"><\/span><\/header><div class='slide-entry-excerpt entry-content'  itemprop=\"text\" >Die Darmspiegelung gilt als medizinischer Goldstandard. Sicher. Routiniert. Alternativlos.\r\n\r\nDoch was, wenn ausgerechnet die Vorbereitung \u2013 das radikale \u201eDurchsp\u00fclen\u201c des Darms \u2013 mehr ver\u00e4ndert, als bisher angenommen?\r\n\r\nEine aktuelle\u2026<div class=\"read-more-link\"><a href=\"https:\/\/renegraeber.de\/blog\/koloskopie-darmreinigung-risiko-mikrobiom\/\" class=\"more-link\">Weiterlesen<span class=\"more-link-arrow\"><\/span><\/a><\/div><\/div><\/div><footer class=\"entry-footer\"><div class=\"slide-meta\"><time class='slide-meta-time updated'  itemprop=\"datePublished\" datetime=\"2026-02-24T08:00:33+00:00\" >Februar 24, 2026<\/time><div class=\"slide-meta-del\">\/<\/div><div class=\"slide-meta-comments\"><a href='https:\/\/renegraeber.de\/blog\/koloskopie-darmreinigung-risiko-mikrobiom\/#comments'>2 Kommentare<\/a><\/div><\/div><\/footer><span class='hidden'>\n\t\t\t\t<span class='av-structured-data'  itemprop=\"image\" itemscope=\"itemscope\" itemtype=\"https:\/\/schema.org\/ImageObject\" >\n\t\t\t\t\t\t<span itemprop='url'>https:\/\/renegraeber.de\/blog\/wp-content\/uploads\/2026\/02\/elionas2-offal-1463369_640.png<\/span>\n\t\t\t\t\t\t<span itemprop='height'>600<\/span>\n\t\t\t\t\t\t<span itemprop='width'>640<\/span>\n\t\t\t\t<\/span>\n\t\t\t\t<span class='av-structured-data'  itemprop=\"publisher\" itemtype=\"https:\/\/schema.org\/Organization\" itemscope=\"itemscope\" >\n\t\t\t\t\t\t<span itemprop='name'>L.M.<\/span>\n\t\t\t\t\t\t<span itemprop='logo' itemscope itemtype='https:\/\/schema.org\/ImageObject'>\n\t\t\t\t\t\t\t<span itemprop='url'>https:\/\/renegraeber.de\/blog\/wp-content\/uploads\/2024\/11\/bloga.png<\/span>\n\t\t\t\t\t\t<\/span>\n\t\t\t\t<\/span><span class='av-structured-data'  itemprop=\"author\" itemscope=\"itemscope\" itemtype=\"https:\/\/schema.org\/Person\" ><span itemprop='name'>L.M.<\/span><\/span><span class='av-structured-data'  itemprop=\"datePublished\" datetime=\"2024-11-25T11:36:05+00:00\" >2026-02-24 08:00:33<\/span><span class='av-structured-data'  itemprop=\"dateModified\" itemtype=\"https:\/\/schema.org\/dateModified\" >2026-02-16 08:22:46<\/span><span class='av-structured-data'  itemprop=\"mainEntityOfPage\" itemtype=\"https:\/\/schema.org\/mainEntityOfPage\" ><span itemprop='name'>Koloskopie: Gef\u00e4hrdet die Darmvorbereitung das Mikrobiom?<\/span><\/span><\/span><\/article><\/div><div class=\"slide-entry-wrap\"><article class='slide-entry flex_column  post-entry post-entry-5782 slide-entry-overview slide-loop-7 slide-parity-odd  av_one_half first real-thumbnail posttype-post post-format-standard'  itemscope=\"itemscope\" itemtype=\"https:\/\/schema.org\/CreativeWork\" ><a href='https:\/\/renegraeber.de\/blog\/erhoehtes-kortison-symptome-ursachen\/' data-rel='slide-1' class='slide-image' title='Erh\u00f6htes Kortison erkennen: 5 Warnzeichen'><img decoding=\"async\" fetchpriority=\"high\" width=\"495\" height=\"400\" src=\"https:\/\/renegraeber.de\/blog\/wp-content\/uploads\/2026\/02\/herbert11timtim-doctor-5835367_640-495x400.jpg\" class=\"wp-image-5783 avia-img-lazy-loading-not-5783 attachment-portfolio size-portfolio wp-post-image\" alt=\"\" \/><\/a><div class=\"slide-content\"><header class=\"entry-content-header\" aria-label=\"Slide: Erh\u00f6htes Kortison erkennen: 5 Warnzeichen\"><span class=\"blog-categories minor-meta\"><a href=\"https:\/\/renegraeber.de\/blog\/category\/gesundheit\/\" rel=\"tag\">Gesundheit<\/a> <\/span><h3 class='slide-entry-title entry-title '  itemprop=\"headline\" ><a href='https:\/\/renegraeber.de\/blog\/erhoehtes-kortison-symptome-ursachen\/' title='Erh\u00f6htes Kortison erkennen: 5 Warnzeichen'>Erh\u00f6htes Kortison erkennen: 5 Warnzeichen<\/a><\/h3><span class=\"av-vertical-delimiter\"><\/span><\/header><div class='slide-entry-excerpt entry-content'  itemprop=\"text\" >Kortison rettet Leben. Und es ruiniert sie \u2013 wenn es aus dem Ruder l\u00e4uft.\r\n\r\nAls Medikament unterdr\u00fcckt es Entz\u00fcndungen, stoppt allergische Reaktionen und wird in Notf\u00e4llen nahezu reflexhaft eingesetzt. Doch das k\u00f6rpereigene Kortison\u2026<div class=\"read-more-link\"><a href=\"https:\/\/renegraeber.de\/blog\/erhoehtes-kortison-symptome-ursachen\/\" class=\"more-link\">Weiterlesen<span class=\"more-link-arrow\"><\/span><\/a><\/div><\/div><\/div><footer class=\"entry-footer\"><div class=\"slide-meta\"><time class='slide-meta-time updated'  itemprop=\"datePublished\" datetime=\"2026-02-20T08:00:57+00:00\" >Februar 20, 2026<\/time><div class=\"slide-meta-del\">\/<\/div><div class=\"slide-meta-comments\"><a href='https:\/\/renegraeber.de\/blog\/erhoehtes-kortison-symptome-ursachen\/#respond'>0 Kommentare<\/a><\/div><\/div><\/footer><span class='hidden'>\n\t\t\t\t<span class='av-structured-data'  itemprop=\"image\" itemscope=\"itemscope\" itemtype=\"https:\/\/schema.org\/ImageObject\" >\n\t\t\t\t\t\t<span itemprop='url'>https:\/\/renegraeber.de\/blog\/wp-content\/uploads\/2026\/02\/herbert11timtim-doctor-5835367_640.jpg<\/span>\n\t\t\t\t\t\t<span itemprop='height'>427<\/span>\n\t\t\t\t\t\t<span itemprop='width'>640<\/span>\n\t\t\t\t<\/span>\n\t\t\t\t<span class='av-structured-data'  itemprop=\"publisher\" itemtype=\"https:\/\/schema.org\/Organization\" itemscope=\"itemscope\" >\n\t\t\t\t\t\t<span itemprop='name'>L.M.<\/span>\n\t\t\t\t\t\t<span itemprop='logo' itemscope itemtype='https:\/\/schema.org\/ImageObject'>\n\t\t\t\t\t\t\t<span itemprop='url'>https:\/\/renegraeber.de\/blog\/wp-content\/uploads\/2024\/11\/bloga.png<\/span>\n\t\t\t\t\t\t<\/span>\n\t\t\t\t<\/span><span class='av-structured-data'  itemprop=\"author\" itemscope=\"itemscope\" itemtype=\"https:\/\/schema.org\/Person\" ><span itemprop='name'>L.M.<\/span><\/span><span class='av-structured-data'  itemprop=\"datePublished\" datetime=\"2024-11-25T11:36:05+00:00\" >2026-02-20 08:00:57<\/span><span class='av-structured-data'  itemprop=\"dateModified\" itemtype=\"https:\/\/schema.org\/dateModified\" >2026-02-16 08:15:42<\/span><span class='av-structured-data'  itemprop=\"mainEntityOfPage\" itemtype=\"https:\/\/schema.org\/mainEntityOfPage\" ><span itemprop='name'>Erh\u00f6htes Kortison erkennen: 5 Warnzeichen<\/span><\/span><\/span><\/article><article class='slide-entry flex_column  post-entry post-entry-5778 slide-entry-overview slide-loop-8 slide-parity-even  av_one_half  real-thumbnail posttype-post post-format-standard'  itemscope=\"itemscope\" itemtype=\"https:\/\/schema.org\/CreativeWork\" ><a href='https:\/\/renegraeber.de\/blog\/cholesterinsenkung-leitlinien-kritik\/' data-rel='slide-1' class='slide-image' title='Cholesterin-Leitlinien? Nein Danke! Fakten statt Dogma'><img decoding=\"async\" fetchpriority=\"high\" width=\"495\" height=\"400\" src=\"https:\/\/renegraeber.de\/blog\/wp-content\/uploads\/2026\/02\/elf-moondance-cholesterol-6790010_640-495x400.png\" class=\"wp-image-5779 avia-img-lazy-loading-not-5779 attachment-portfolio size-portfolio wp-post-image\" alt=\"\" \/><\/a><div class=\"slide-content\"><header class=\"entry-content-header\" aria-label=\"Slide: Cholesterin-Leitlinien? Nein Danke! Fakten statt Dogma\"><span class=\"blog-categories minor-meta\"><a href=\"https:\/\/renegraeber.de\/blog\/category\/gesundheit\/\" rel=\"tag\">Gesundheit<\/a> <\/span><h3 class='slide-entry-title entry-title '  itemprop=\"headline\" ><a href='https:\/\/renegraeber.de\/blog\/cholesterinsenkung-leitlinien-kritik\/' title='Cholesterin-Leitlinien? Nein Danke! Fakten statt Dogma'>Cholesterin-Leitlinien? Nein Danke! Fakten statt Dogma<\/a><\/h3><span class=\"av-vertical-delimiter\"><\/span><\/header><div class='slide-entry-excerpt entry-content'  itemprop=\"text\" >Cholesterin gilt seit Jahrzehnten als stiller Killer. LDL runter, Risiko runter \u2013 so lautet die einfache Formel. Je niedriger, desto besser.\r\n\r\nDoch was, wenn diese Gleichung in der Realit\u00e4t nicht aufgeht?\r\n\r\nTrotz millionenfacher Verordnungen\u2026<div class=\"read-more-link\"><a href=\"https:\/\/renegraeber.de\/blog\/cholesterinsenkung-leitlinien-kritik\/\" class=\"more-link\">Weiterlesen<span class=\"more-link-arrow\"><\/span><\/a><\/div><\/div><\/div><footer class=\"entry-footer\"><div class=\"slide-meta\"><time class='slide-meta-time updated'  itemprop=\"datePublished\" datetime=\"2026-02-16T07:46:57+00:00\" >Februar 16, 2026<\/time><div class=\"slide-meta-del\">\/<\/div><div class=\"slide-meta-comments\"><a href='https:\/\/renegraeber.de\/blog\/cholesterinsenkung-leitlinien-kritik\/#respond'>0 Kommentare<\/a><\/div><\/div><\/footer><span class='hidden'>\n\t\t\t\t<span class='av-structured-data'  itemprop=\"image\" itemscope=\"itemscope\" itemtype=\"https:\/\/schema.org\/ImageObject\" >\n\t\t\t\t\t\t<span itemprop='url'>https:\/\/renegraeber.de\/blog\/wp-content\/uploads\/2026\/02\/elf-moondance-cholesterol-6790010_640.png<\/span>\n\t\t\t\t\t\t<span itemprop='height'>427<\/span>\n\t\t\t\t\t\t<span itemprop='width'>640<\/span>\n\t\t\t\t<\/span>\n\t\t\t\t<span class='av-structured-data'  itemprop=\"publisher\" itemtype=\"https:\/\/schema.org\/Organization\" itemscope=\"itemscope\" >\n\t\t\t\t\t\t<span itemprop='name'>L.M.<\/span>\n\t\t\t\t\t\t<span itemprop='logo' itemscope itemtype='https:\/\/schema.org\/ImageObject'>\n\t\t\t\t\t\t\t<span itemprop='url'>https:\/\/renegraeber.de\/blog\/wp-content\/uploads\/2024\/11\/bloga.png<\/span>\n\t\t\t\t\t\t<\/span>\n\t\t\t\t<\/span><span class='av-structured-data'  itemprop=\"author\" itemscope=\"itemscope\" itemtype=\"https:\/\/schema.org\/Person\" ><span itemprop='name'>L.M.<\/span><\/span><span class='av-structured-data'  itemprop=\"datePublished\" datetime=\"2024-11-25T11:36:05+00:00\" >2026-02-16 07:46:57<\/span><span class='av-structured-data'  itemprop=\"dateModified\" itemtype=\"https:\/\/schema.org\/dateModified\" >2026-02-16 07:46:57<\/span><span class='av-structured-data'  itemprop=\"mainEntityOfPage\" itemtype=\"https:\/\/schema.org\/mainEntityOfPage\" ><span itemprop='name'>Cholesterin-Leitlinien? Nein Danke! Fakten statt Dogma<\/span><\/span><\/span><\/article><\/div><div class=\"slide-entry-wrap\"><article class='slide-entry flex_column  post-entry post-entry-5739 slide-entry-overview slide-loop-9 slide-parity-odd  av_one_half first real-thumbnail posttype-post post-format-standard'  itemscope=\"itemscope\" itemtype=\"https:\/\/schema.org\/CreativeWork\" ><a href='https:\/\/renegraeber.de\/blog\/friends-for-a-better-world-2026\/' data-rel='slide-1' class='slide-image' title='Interview zum Thema SCHMERZEN &#8211; Friends for a better world 2026 &#8211; Online Kongress'><img decoding=\"async\" fetchpriority=\"high\" width=\"495\" height=\"400\" src=\"https:\/\/renegraeber.de\/blog\/wp-content\/uploads\/2026\/02\/friends-kongress-2026-495x400.jpg\" class=\"wp-image-5767 avia-img-lazy-loading-not-5767 attachment-portfolio size-portfolio wp-post-image\" alt=\"\" \/><\/a><div class=\"slide-content\"><header class=\"entry-content-header\" aria-label=\"Slide: Interview zum Thema SCHMERZEN - Friends for a better world 2026 - Online Kongress\"><span class=\"blog-categories minor-meta\"><a href=\"https:\/\/renegraeber.de\/blog\/category\/allgemein\/\" rel=\"tag\">Allgemein<\/a> <\/span><h3 class='slide-entry-title entry-title '  itemprop=\"headline\" ><a href='https:\/\/renegraeber.de\/blog\/friends-for-a-better-world-2026\/' title='Interview zum Thema SCHMERZEN &#8211; Friends for a better world 2026 &#8211; Online Kongress'>Interview zum Thema SCHMERZEN &#8211; Friends for a better world 2026 &#8211; Online Kongress<\/a><\/h3><span class=\"av-vertical-delimiter\"><\/span><\/header><div class='slide-entry-excerpt entry-content'  itemprop=\"text\" >\r\n\r\nViele von Euch kennen bereits die FRIENDS Kongresse, f\u00fcr die ich in den letzten Jahren auch einige liebe Menschen interviewt habe.\r\n\r\n2026 hat meine Kollegin Gaby Sch\u00f6rk mich zum Thema Schmerzen interviewt und (ich denke) wieder einige\u2026<div class=\"read-more-link\"><a href=\"https:\/\/renegraeber.de\/blog\/friends-for-a-better-world-2026\/\" class=\"more-link\">Weiterlesen<span class=\"more-link-arrow\"><\/span><\/a><\/div><\/div><\/div><footer class=\"entry-footer\"><div class=\"slide-meta\"><time class='slide-meta-time updated'  itemprop=\"datePublished\" datetime=\"2026-02-04T16:45:12+00:00\" >Februar 4, 2026<\/time><div class=\"slide-meta-del\">\/<\/div><div class=\"slide-meta-comments\"><a href='https:\/\/renegraeber.de\/blog\/friends-for-a-better-world-2026\/#respond'>0 Kommentare<\/a><\/div><\/div><\/footer><span class='hidden'>\n\t\t\t\t<span class='av-structured-data'  itemprop=\"image\" itemscope=\"itemscope\" itemtype=\"https:\/\/schema.org\/ImageObject\" >\n\t\t\t\t\t\t<span itemprop='url'>https:\/\/renegraeber.de\/blog\/wp-content\/uploads\/2026\/02\/friends-kongress-2026.jpg<\/span>\n\t\t\t\t\t\t<span itemprop='height'>553<\/span>\n\t\t\t\t\t\t<span itemprop='width'>1350<\/span>\n\t\t\t\t<\/span>\n\t\t\t\t<span class='av-structured-data'  itemprop=\"publisher\" itemtype=\"https:\/\/schema.org\/Organization\" itemscope=\"itemscope\" >\n\t\t\t\t\t\t<span itemprop='name'>Ren\u00e9 Gr\u00e4ber<\/span>\n\t\t\t\t\t\t<span itemprop='logo' itemscope itemtype='https:\/\/schema.org\/ImageObject'>\n\t\t\t\t\t\t\t<span itemprop='url'>https:\/\/renegraeber.de\/blog\/wp-content\/uploads\/2024\/11\/bloga.png<\/span>\n\t\t\t\t\t\t<\/span>\n\t\t\t\t<\/span><span class='av-structured-data'  itemprop=\"author\" itemscope=\"itemscope\" itemtype=\"https:\/\/schema.org\/Person\" ><span itemprop='name'>Ren\u00e9 Gr\u00e4ber<\/span><\/span><span class='av-structured-data'  itemprop=\"datePublished\" datetime=\"2024-11-25T11:36:05+00:00\" >2026-02-04 16:45:12<\/span><span class='av-structured-data'  itemprop=\"dateModified\" itemtype=\"https:\/\/schema.org\/dateModified\" >2026-02-04 18:38:46<\/span><span class='av-structured-data'  itemprop=\"mainEntityOfPage\" itemtype=\"https:\/\/schema.org\/mainEntityOfPage\" ><span itemprop='name'>Interview zum Thema SCHMERZEN &#8211; Friends for a better world 2026 &#8211; Online Kongress<\/span><\/span><\/span><\/article><article class='slide-entry flex_column  post-entry post-entry-767 slide-entry-overview slide-loop-10 slide-parity-even  post-entry-last  av_one_half  real-thumbnail posttype-post post-format-standard'  itemscope=\"itemscope\" itemtype=\"https:\/\/schema.org\/CreativeWork\" ><a href='https:\/\/renegraeber.de\/blog\/glyphosat-im-broetchen-unser-taegliches-gift-gib-uns-heute\/' data-rel='slide-1' class='slide-image' title='Unser t\u00e4gliches Gift: Glyphosat in Brot und Getreide'><img decoding=\"async\" fetchpriority=\"high\" width=\"495\" height=\"400\" src=\"https:\/\/renegraeber.de\/blog\/wp-content\/uploads\/2012\/10\/bread-3467243_640-495x400.jpg\" class=\"wp-image-4490 avia-img-lazy-loading-not-4490 attachment-portfolio size-portfolio wp-post-image\" alt=\"\" srcset=\"https:\/\/renegraeber.de\/blog\/wp-content\/uploads\/2012\/10\/bread-3467243_640-495x400.jpg 495w, https:\/\/renegraeber.de\/blog\/wp-content\/uploads\/2012\/10\/bread-3467243_640-177x142.jpg 177w\" sizes=\"(max-width: 495px) 100vw, 495px\" \/><\/a><div class=\"slide-content\"><header class=\"entry-content-header\" aria-label=\"Slide: Unser t\u00e4gliches Gift: Glyphosat in Brot und Getreide\"><span class=\"blog-categories minor-meta\"><a href=\"https:\/\/renegraeber.de\/blog\/category\/gesundheit\/\" rel=\"tag\">Gesundheit<\/a> <\/span><h3 class='slide-entry-title entry-title '  itemprop=\"headline\" ><a href='https:\/\/renegraeber.de\/blog\/glyphosat-im-broetchen-unser-taegliches-gift-gib-uns-heute\/' title='Unser t\u00e4gliches Gift: Glyphosat in Brot und Getreide'>Unser t\u00e4gliches Gift: Glyphosat in Brot und Getreide<\/a><\/h3><span class=\"av-vertical-delimiter\"><\/span><\/header><div class='slide-entry-excerpt entry-content'  itemprop=\"text\" >R\u00fcckst\u00e4nde von Glyphosat in Lebensmitteln? Ach was. Und wenn schon: Das Zeug ist doch \u201eunscha\u0308dlich\u201c, oder?\r\n\r\nDas ist ungef\u00e4hr die Standardreaktion. Und sie funktioniert erstaunlich gut, solange man das Thema nicht zu genau anschaut.\u2026<div class=\"read-more-link\"><a href=\"https:\/\/renegraeber.de\/blog\/glyphosat-im-broetchen-unser-taegliches-gift-gib-uns-heute\/\" class=\"more-link\">Weiterlesen<span class=\"more-link-arrow\"><\/span><\/a><\/div><\/div><\/div><footer class=\"entry-footer\"><div class=\"slide-meta\"><time class='slide-meta-time updated'  itemprop=\"datePublished\" datetime=\"2026-01-19T07:54:27+00:00\" >Januar 19, 2026<\/time><div class=\"slide-meta-del\">\/<\/div><div class=\"slide-meta-comments\"><a href='https:\/\/renegraeber.de\/blog\/glyphosat-im-broetchen-unser-taegliches-gift-gib-uns-heute\/#comments'>11 Kommentare<\/a><\/div><\/div><\/footer><span class='hidden'>\n\t\t\t\t<span class='av-structured-data'  itemprop=\"image\" itemscope=\"itemscope\" itemtype=\"https:\/\/schema.org\/ImageObject\" >\n\t\t\t\t\t\t<span itemprop='url'>https:\/\/renegraeber.de\/blog\/wp-content\/uploads\/2012\/10\/bread-3467243_640.jpg<\/span>\n\t\t\t\t\t\t<span itemprop='height'>427<\/span>\n\t\t\t\t\t\t<span itemprop='width'>640<\/span>\n\t\t\t\t<\/span>\n\t\t\t\t<span class='av-structured-data'  itemprop=\"publisher\" itemtype=\"https:\/\/schema.org\/Organization\" itemscope=\"itemscope\" >\n\t\t\t\t\t\t<span itemprop='name'>admin<\/span>\n\t\t\t\t\t\t<span itemprop='logo' itemscope itemtype='https:\/\/schema.org\/ImageObject'>\n\t\t\t\t\t\t\t<span itemprop='url'>https:\/\/renegraeber.de\/blog\/wp-content\/uploads\/2024\/11\/bloga.png<\/span>\n\t\t\t\t\t\t<\/span>\n\t\t\t\t<\/span><span class='av-structured-data'  itemprop=\"author\" itemscope=\"itemscope\" itemtype=\"https:\/\/schema.org\/Person\" ><span itemprop='name'>admin<\/span><\/span><span class='av-structured-data'  itemprop=\"datePublished\" datetime=\"2024-11-25T11:36:05+00:00\" >2026-01-19 07:54:27<\/span><span class='av-structured-data'  itemprop=\"dateModified\" itemtype=\"https:\/\/schema.org\/dateModified\" >2026-01-19 15:19:36<\/span><span class='av-structured-data'  itemprop=\"mainEntityOfPage\" itemtype=\"https:\/\/schema.org\/mainEntityOfPage\" ><span itemprop='name'>Unser t\u00e4gliches Gift: Glyphosat in Brot und Getreide<\/span><\/span><\/span><\/article><\/div><\/div><div class='pagination-wrap pagination-slider'><nav class='pagination'><span class='pagination-meta'>Seite 1 von 26<\/span><span class='current'>1<\/span><a href='https:\/\/renegraeber.de\/blog\/wp-json\/wp\/v2\/pages\/5254\/?avia-element-paging=2' class='inactive next_page' >2<\/a><a href='https:\/\/renegraeber.de\/blog\/wp-json\/wp\/v2\/pages\/5254\/?avia-element-paging=3' class='inactive' >3<\/a><a href='https:\/\/renegraeber.de\/blog\/wp-json\/wp\/v2\/pages\/5254\/?avia-element-paging=2'>&rsaquo;<\/a><a href='https:\/\/renegraeber.de\/blog\/wp-json\/wp\/v2\/pages\/5254\/?avia-element-paging=26'>&raquo;<\/a><\/nav>\n<\/div><\/div><\/div><div  class='flex_column av-4vk77a-f0d337996657f3a02fcff64daa8c7aa6 av_one_third  avia-builder-el-3  el_after_av_two_third  avia-builder-el-last  flex_column_div  '     ><div  class='avia-builder-widget-area clearfix  avia-builder-el-4  avia-builder-el-no-sibling '><section id=\"text-15\" class=\"widget clearfix widget_text\">\t\t\t<div class=\"textwidget\"><h3>Wer schreibt hier?<\/h3>\n<p>\n<style type=\"text\/css\" data-created_by=\"avia_inline_auto\" id=\"style-css-av-av_hr-d3d54c9006b99547e4c3c87df697d57f\">\n#top .hr.av-av_hr-d3d54c9006b99547e4c3c87df697d57f{\nmargin-top:2px;\nmargin-bottom:2px;\n}\n.hr.av-av_hr-d3d54c9006b99547e4c3c87df697d57f .hr-inner{\nwidth:100%;\nborder-color:#000000;\n}\n<\/style>\n<div  class='hr av-av_hr-d3d54c9006b99547e4c3c87df697d57f hr-custom hr-center hr-icon-no'><span class='hr-inner inner-border-av-border-fat'><span class=\"hr-inner-style\"><\/span><\/span><\/div><br \/>\n<img decoding=\"async\" class=\"alignnone size-medium wp-image-5701\" src=\"https:\/\/renegraeber.de\/blog\/wp-content\/uploads\/2025\/11\/renegraeberkreis-274x300.png\" alt=\"\" width=\"274\" height=\"300\" srcset=\"https:\/\/renegraeber.de\/blog\/wp-content\/uploads\/2025\/11\/renegraeberkreis-274x300.png 274w, https:\/\/renegraeber.de\/blog\/wp-content\/uploads\/2025\/11\/renegraeberkreis-46x50.png 46w, https:\/\/renegraeber.de\/blog\/wp-content\/uploads\/2025\/11\/renegraeberkreis-91x100.png 91w, https:\/\/renegraeber.de\/blog\/wp-content\/uploads\/2025\/11\/renegraeberkreis.png 350w\" sizes=\"(max-width: 274px) 100vw, 274px\" \/><\/p>\n\n<p>Ich begleite seit 1998 Patienten in meiner Naturheilpraxis auf ihrem Weg zu mehr Gesundheit und Wohlbefinden. Meine eigene Reise begann 1996, als ich nach einer schweren Erkrankung die Schulmedizin hinter mir lie\u00df. Diese Herausforderung brachte mich zur Naturheilkunde, die nicht nur meine Gesundheit wiederherstellte, sondern auch mein Verst\u00e4ndnis von ganzheitlicher Heilung f\u00fcr immer ver\u00e4nderte.<\/p>\n<p>Dieser Blog ist mein pers\u00f6nlicher Raum, um Erfahrungen, praktische Tipps und Erkenntnisse aus der Naturheilkunde und Alternativmedizin mit Ihnen zu teilen. Mein Ziel ist es, die M\u00f6glichkeiten dieser Ans\u00e4tze verst\u00e4ndlich und greifbar zu machen \u2013 f\u00fcr Ihre Gesundheit und Ihr Leben.<\/p>\n<\/div>\n\t\t<span class=\"seperator extralight-border\"><\/span><\/section><section id=\"text-9\" class=\"widget clearfix widget_text\">\t\t\t<div class=\"textwidget\"><section class=\"av_textblock_section av-m3x1j88v-61f63ce28ad8d77b32cbf789ee1eb375 \">\n<div class=\"avia_textblock\">\n<h4>Folgen Sie mir auf:<\/h4>\n\n<style type=\"text\/css\" data-created_by=\"avia_inline_auto\" id=\"style-css-av-av_hr-d3d54c9006b99547e4c3c87df697d57f\">\n#top .hr.av-av_hr-d3d54c9006b99547e4c3c87df697d57f{\nmargin-top:2px;\nmargin-bottom:2px;\n}\n.hr.av-av_hr-d3d54c9006b99547e4c3c87df697d57f .hr-inner{\nwidth:100%;\nborder-color:#000000;\n}\n<\/style>\n<div  class='hr av-av_hr-d3d54c9006b99547e4c3c87df697d57f hr-custom hr-center hr-icon-no'><span class='hr-inner inner-border-av-border-fat'><span class=\"hr-inner-style\"><\/span><\/span><\/div>\n<p><center><a href=\"https:\/\/www.facebook.com\/Graeber.Rene\/\" target=\"_blank\" rel=\"noopener\"><img decoding=\"async\" class=\"alignnone size-full wp-image-5295\" src=\"https:\/\/renegraeber.de\/blog\/wp-content\/uploads\/2024\/11\/facebook.png\" alt=\"\" width=\"47\" height=\"47\" srcset=\"https:\/\/renegraeber.de\/blog\/wp-content\/uploads\/2024\/11\/facebook.png 47w, https:\/\/renegraeber.de\/blog\/wp-content\/uploads\/2024\/11\/facebook-36x36.png 36w\" sizes=\"(max-width: 47px) 100vw, 47px\" \/><\/a> <a href=\"https:\/\/x.com\/renegraeber\" target=\"_blank\" rel=\"noopener\"><img decoding=\"async\" class=\"alignnone size-medium wp-image-5296\" src=\"https:\/\/renegraeber.de\/blog\/wp-content\/uploads\/2024\/11\/twitter.png\" alt=\"\" width=\"47\" height=\"47\" srcset=\"https:\/\/renegraeber.de\/blog\/wp-content\/uploads\/2024\/11\/twitter.png 47w, https:\/\/renegraeber.de\/blog\/wp-content\/uploads\/2024\/11\/twitter-36x36.png 36w\" sizes=\"(max-width: 47px) 100vw, 47px\" \/><\/a> <a href=\"https:\/\/www.instagram.com\/renegraeber\/\" target=\"_blank\" rel=\"noopener\"><img decoding=\"async\" class=\"alignnone size-medium wp-image-5297\" src=\"https:\/\/renegraeber.de\/blog\/wp-content\/uploads\/2024\/11\/insta.png\" alt=\"\" width=\"47\" height=\"47\" srcset=\"https:\/\/renegraeber.de\/blog\/wp-content\/uploads\/2024\/11\/insta.png 47w, https:\/\/renegraeber.de\/blog\/wp-content\/uploads\/2024\/11\/insta-36x36.png 36w\" sizes=\"(max-width: 47px) 100vw, 47px\" \/><\/a> <a href=\"https:\/\/www.xing.com\/profile\/Rene_Graeber2\" target=\"_blank\" rel=\"noopener\"><img decoding=\"async\" class=\"alignnone size-medium wp-image-5298\" src=\"https:\/\/renegraeber.de\/blog\/wp-content\/uploads\/2024\/11\/xing.png\" alt=\"\" width=\"47\" height=\"47\" srcset=\"https:\/\/renegraeber.de\/blog\/wp-content\/uploads\/2024\/11\/xing.png 47w, https:\/\/renegraeber.de\/blog\/wp-content\/uploads\/2024\/11\/xing-36x36.png 36w\" sizes=\"(max-width: 47px) 100vw, 47px\" \/><\/a><\/center><\/div>\n<\/section>\n<\/div>\n\t\t<span class=\"seperator extralight-border\"><\/span><\/section><section id=\"text-5\" class=\"widget clearfix widget_text\">\t\t\t<div class=\"textwidget\"><section class=\"av_textblock_section av-m3x1j88v-61f63ce28ad8d77b32cbf789ee1eb375 \">\n<div class=\"avia_textblock\">\n<h4>Die biologische Herztherapie:<\/h4>\n\n<style type=\"text\/css\" data-created_by=\"avia_inline_auto\" id=\"style-css-av-av_hr-d3d54c9006b99547e4c3c87df697d57f\">\n#top .hr.av-av_hr-d3d54c9006b99547e4c3c87df697d57f{\nmargin-top:2px;\nmargin-bottom:2px;\n}\n.hr.av-av_hr-d3d54c9006b99547e4c3c87df697d57f .hr-inner{\nwidth:100%;\nborder-color:#000000;\n}\n<\/style>\n<div  class='hr av-av_hr-d3d54c9006b99547e4c3c87df697d57f hr-custom hr-center hr-icon-no'><span class='hr-inner inner-border-av-border-fat'><span class=\"hr-inner-style\"><\/span><\/span><\/div>\n<p><center><a href=\"https:\/\/buecher.renegraeber.de\/biologische-herztherapie\/\" target=\"_blank\" rel=\"noopener\"><img decoding=\"async\" class=\"alignnone size-medium wp-image-1837\" src=\"https:\/\/renegraeber.de\/blog\/wp-content\/uploads\/2019\/07\/biologische-Herztherapie-297px-min-261x300.jpg\" alt=\"\" width=\"261\" height=\"300\" srcset=\"https:\/\/renegraeber.de\/blog\/wp-content\/uploads\/2019\/07\/biologische-Herztherapie-297px-min-261x300.jpg 261w, https:\/\/renegraeber.de\/blog\/wp-content\/uploads\/2019\/07\/biologische-Herztherapie-297px-min.jpg 297w\" sizes=\"(max-width: 261px) 100vw, 261px\" \/><\/a><\/p>\n<\/div>\n<\/section>\n<\/div>\n\t\t<span class=\"seperator extralight-border\"><\/span><\/section><section id=\"text-6\" class=\"widget clearfix widget_text\">\t\t\t<div class=\"textwidget\"><section class=\"av_textblock_section av-m3x1j88v-61f63ce28ad8d77b32cbf789ee1eb375 \">\n<div class=\"avia_textblock\">\n<h4>Heilung der Gelenke:<\/h4>\n\n<style type=\"text\/css\" data-created_by=\"avia_inline_auto\" id=\"style-css-av-av_hr-d3d54c9006b99547e4c3c87df697d57f\">\n#top .hr.av-av_hr-d3d54c9006b99547e4c3c87df697d57f{\nmargin-top:2px;\nmargin-bottom:2px;\n}\n.hr.av-av_hr-d3d54c9006b99547e4c3c87df697d57f .hr-inner{\nwidth:100%;\nborder-color:#000000;\n}\n<\/style>\n<div  class='hr av-av_hr-d3d54c9006b99547e4c3c87df697d57f hr-custom hr-center hr-icon-no'><span class='hr-inner inner-border-av-border-fat'><span class=\"hr-inner-style\"><\/span><\/span><\/div>\n<p><center><a href=\"https:\/\/buecher.renegraeber.de\/heilung-der-gelenke\/\" target=\"_blank\" rel=\"noopener\"><img decoding=\"async\" class=\"alignnone size-medium wp-image-1719\" src=\"https:\/\/renegraeber.de\/blog\/wp-content\/uploads\/2019\/02\/gelenkschmerzen-buch-blockbanner-262x300.jpg\" alt=\"\" width=\"262\" height=\"300\" srcset=\"https:\/\/renegraeber.de\/blog\/wp-content\/uploads\/2019\/02\/gelenkschmerzen-buch-blockbanner-262x300.jpg 262w, https:\/\/renegraeber.de\/blog\/wp-content\/uploads\/2019\/02\/gelenkschmerzen-buch-blockbanner.jpg 297w\" sizes=\"(max-width: 262px) 100vw, 262px\" \/><\/a><\/p>\n<\/div>\n<\/section>\n<\/div>\n\t\t<span class=\"seperator extralight-border\"><\/span><\/section><section id=\"text-7\" class=\"widget clearfix widget_text\">\t\t\t<div class=\"textwidget\"><section class=\"av_textblock_section av-m3x1j88v-61f63ce28ad8d77b32cbf789ee1eb375 \">\n<div class=\"avia_textblock\">\n<h4>Besser und Gesund Schlafen:<\/h4>\n\n<style type=\"text\/css\" data-created_by=\"avia_inline_auto\" id=\"style-css-av-av_hr-d3d54c9006b99547e4c3c87df697d57f\">\n#top .hr.av-av_hr-d3d54c9006b99547e4c3c87df697d57f{\nmargin-top:2px;\nmargin-bottom:2px;\n}\n.hr.av-av_hr-d3d54c9006b99547e4c3c87df697d57f .hr-inner{\nwidth:100%;\nborder-color:#000000;\n}\n<\/style>\n<div  class='hr av-av_hr-d3d54c9006b99547e4c3c87df697d57f hr-custom hr-center hr-icon-no'><span class='hr-inner inner-border-av-border-fat'><span class=\"hr-inner-style\"><\/span><\/span><\/div>\n<p><center><a href=\"https:\/\/buecher.renegraeber.de\/besser-gesund-schlafen\/\" target=\"_blank\" rel=\"noopener\"><img decoding=\"async\" class=\"alignnone size-full wp-image-1838\" src=\"https:\/\/renegraeber.de\/blog\/wp-content\/uploads\/2019\/07\/besser-schlafen-banner-259px.jpg\" alt=\"Buch: Besser und Gesund Schlafen von Ren\u00e9 Gr\u00e4ber\" width=\"259\" height=\"297\" \/><\/a><\/p>\n<\/div>\n<\/section>\n<\/div>\n\t\t<span class=\"seperator extralight-border\"><\/span><\/section><section id=\"text-8\" class=\"widget clearfix widget_text\">\t\t\t<div class=\"textwidget\"><section class=\"av_textblock_section av-m3x1j88v-61f63ce28ad8d77b32cbf789ee1eb375 \">\n<div class=\"avia_textblock\">\n<h4>Wie ich mir mit Fasten geholfen habe:<\/h4>\n\n<style type=\"text\/css\" data-created_by=\"avia_inline_auto\" id=\"style-css-av-av_hr-d3d54c9006b99547e4c3c87df697d57f\">\n#top .hr.av-av_hr-d3d54c9006b99547e4c3c87df697d57f{\nmargin-top:2px;\nmargin-bottom:2px;\n}\n.hr.av-av_hr-d3d54c9006b99547e4c3c87df697d57f .hr-inner{\nwidth:100%;\nborder-color:#000000;\n}\n<\/style>\n<div  class='hr av-av_hr-d3d54c9006b99547e4c3c87df697d57f hr-custom hr-center hr-icon-no'><span class='hr-inner inner-border-av-border-fat'><span class=\"hr-inner-style\"><\/span><\/span><\/div>\n<p><center><a href=\"https:\/\/www.gesund-heilfasten.de\/heilfasten-anleitung\/\" target=\"_blank\" rel=\"noopener\"><img decoding=\"async\" class=\"alignnone size-medium wp-image-1839\" src=\"https:\/\/renegraeber.de\/blog\/wp-content\/uploads\/2019\/07\/heilfasten_blockbanner-262x300.jpg\" alt=\"Buch: Heilfasten von Ren\u00e9 Gr\u00e4ber\" width=\"262\" height=\"300\" srcset=\"https:\/\/renegraeber.de\/blog\/wp-content\/uploads\/2019\/07\/heilfasten_blockbanner-262x300.jpg 262w, https:\/\/renegraeber.de\/blog\/wp-content\/uploads\/2019\/07\/heilfasten_blockbanner.jpg 297w\" sizes=\"(max-width: 262px) 100vw, 262px\" \/><\/a><\/p>\n<\/div>\n<\/section>\n<\/div>\n\t\t<span class=\"seperator extralight-border\"><\/span><\/section><section id=\"text-12\" class=\"widget clearfix widget_text\">\t\t\t<div class=\"textwidget\"><section class=\"av_textblock_section av-m3x1j88v-61f63ce28ad8d77b32cbf789ee1eb375 \">\n<div class=\"avia_textblock\">\n<h4>Stellen Sie Ihre Fragen in den Foren!<\/h4>\n\n<style type=\"text\/css\" data-created_by=\"avia_inline_auto\" id=\"style-css-av-av_hr-d3d54c9006b99547e4c3c87df697d57f\">\n#top .hr.av-av_hr-d3d54c9006b99547e4c3c87df697d57f{\nmargin-top:2px;\nmargin-bottom:2px;\n}\n.hr.av-av_hr-d3d54c9006b99547e4c3c87df697d57f .hr-inner{\nwidth:100%;\nborder-color:#000000;\n}\n<\/style>\n<div  class='hr av-av_hr-d3d54c9006b99547e4c3c87df697d57f hr-custom hr-center hr-icon-no'><span class='hr-inner inner-border-av-border-fat'><span class=\"hr-inner-style\"><\/span><\/span><\/div>\n<p><center><a href=\"https:\/\/www.symptome.ch\/\" target=\"_blank\" rel=\"noopener\">Symptome.ch &#8211; Ihr Forum f\u00fcr Alternative Medizin<\/a><\/center><center>oder im\u00a0<\/center><center><a href=\"https:\/\/www.yamedo.de\/forum\/\" target=\"_blank\" rel=\"noopener\">Yamedo Forum f\u00fcr Naturheilkunde und Alternative Medizin<\/a><\/center><\/div>\n<\/section>\n<\/div>\n\t\t<span class=\"seperator extralight-border\"><\/span><\/section><section id=\"tag_cloud-3\" class=\"widget clearfix widget_tag_cloud\"><h3 class=\"widgettitle\">Schlagw\u00f6rter<\/h3><div class=\"tagcloud\"><a href=\"https:\/\/renegraeber.de\/blog\/tag\/5g\/\" class=\"tag-cloud-link tag-link-112 tag-link-position-1\" style=\"font-size: 9.3548387096774pt;\" aria-label=\"5G (3\u00a0Eintr\u00e4ge)\">5G<\/a>\n<a href=\"https:\/\/renegraeber.de\/blog\/tag\/arzneimittel\/\" class=\"tag-cloud-link tag-link-85 tag-link-position-2\" style=\"font-size: 14.774193548387pt;\" aria-label=\"Arzneimittel (11\u00a0Eintr\u00e4ge)\">Arzneimittel<\/a>\n<a href=\"https:\/\/renegraeber.de\/blog\/tag\/cholesterin\/\" class=\"tag-cloud-link tag-link-83 tag-link-position-3\" style=\"font-size: 9.3548387096774pt;\" aria-label=\"Cholesterin (3\u00a0Eintr\u00e4ge)\">Cholesterin<\/a>\n<a href=\"https:\/\/renegraeber.de\/blog\/tag\/cola\/\" class=\"tag-cloud-link tag-link-172 tag-link-position-4\" style=\"font-size: 8pt;\" aria-label=\"Cola (2\u00a0Eintr\u00e4ge)\">Cola<\/a>\n<a href=\"https:\/\/renegraeber.de\/blog\/tag\/corona\/\" class=\"tag-cloud-link tag-link-3 tag-link-position-5\" style=\"font-size: 22pt;\" aria-label=\"Corona (52\u00a0Eintr\u00e4ge)\">Corona<\/a>\n<a href=\"https:\/\/renegraeber.de\/blog\/tag\/covid-19\/\" class=\"tag-cloud-link tag-link-135 tag-link-position-6\" style=\"font-size: 12.741935483871pt;\" aria-label=\"Covid-19 (7\u00a0Eintr\u00e4ge)\">Covid-19<\/a>\n<a href=\"https:\/\/renegraeber.de\/blog\/tag\/entgiftung\/\" class=\"tag-cloud-link tag-link-193 tag-link-position-7\" style=\"font-size: 9.3548387096774pt;\" aria-label=\"Entgiftung (3\u00a0Eintr\u00e4ge)\">Entgiftung<\/a>\n<a href=\"https:\/\/renegraeber.de\/blog\/tag\/ernahrung\/\" class=\"tag-cloud-link tag-link-56 tag-link-position-8\" style=\"font-size: 14.322580645161pt;\" aria-label=\"Ern\u00e4hrung (10\u00a0Eintr\u00e4ge)\">Ern\u00e4hrung<\/a>\n<a href=\"https:\/\/renegraeber.de\/blog\/tag\/gates\/\" class=\"tag-cloud-link tag-link-130 tag-link-position-9\" style=\"font-size: 8pt;\" aria-label=\"Gates (2\u00a0Eintr\u00e4ge)\">Gates<\/a>\n<a href=\"https:\/\/renegraeber.de\/blog\/tag\/genetik\/\" class=\"tag-cloud-link tag-link-51 tag-link-position-10\" style=\"font-size: 9.3548387096774pt;\" aria-label=\"Genetik (3\u00a0Eintr\u00e4ge)\">Genetik<\/a>\n<a href=\"https:\/\/renegraeber.de\/blog\/tag\/genfood\/\" class=\"tag-cloud-link tag-link-34 tag-link-position-11\" style=\"font-size: 11.387096774194pt;\" aria-label=\"Genfood (5\u00a0Eintr\u00e4ge)\">Genfood<\/a>\n<a href=\"https:\/\/renegraeber.de\/blog\/tag\/genmais\/\" class=\"tag-cloud-link tag-link-67 tag-link-position-12\" style=\"font-size: 10.483870967742pt;\" aria-label=\"Genmais (4\u00a0Eintr\u00e4ge)\">Genmais<\/a>\n<a href=\"https:\/\/renegraeber.de\/blog\/tag\/gentechnik\/\" class=\"tag-cloud-link tag-link-35 tag-link-position-13\" style=\"font-size: 17.032258064516pt;\" aria-label=\"Gentechnik (18\u00a0Eintr\u00e4ge)\">Gentechnik<\/a>\n<a href=\"https:\/\/renegraeber.de\/blog\/tag\/gesundheit\/\" class=\"tag-cloud-link tag-link-71 tag-link-position-14\" style=\"font-size: 12.741935483871pt;\" aria-label=\"Gesundheit (7\u00a0Eintr\u00e4ge)\">Gesundheit<\/a>\n<a href=\"https:\/\/renegraeber.de\/blog\/tag\/gift\/\" class=\"tag-cloud-link tag-link-73 tag-link-position-15\" style=\"font-size: 10.483870967742pt;\" aria-label=\"Gift (4\u00a0Eintr\u00e4ge)\">Gift<\/a>\n<a href=\"https:\/\/renegraeber.de\/blog\/tag\/glyphosat\/\" class=\"tag-cloud-link tag-link-66 tag-link-position-16\" style=\"font-size: 12.177419354839pt;\" aria-label=\"Glyphosat (6\u00a0Eintr\u00e4ge)\">Glyphosat<\/a>\n<a href=\"https:\/\/renegraeber.de\/blog\/tag\/grippe\/\" class=\"tag-cloud-link tag-link-4 tag-link-position-17\" style=\"font-size: 12.741935483871pt;\" aria-label=\"Grippe (7\u00a0Eintr\u00e4ge)\">Grippe<\/a>\n<a href=\"https:\/\/renegraeber.de\/blog\/tag\/grippeschutzimpfung\/\" class=\"tag-cloud-link tag-link-40 tag-link-position-18\" style=\"font-size: 9.3548387096774pt;\" aria-label=\"Grippeschutzimpfung (3\u00a0Eintr\u00e4ge)\">Grippeschutzimpfung<\/a>\n<a href=\"https:\/\/renegraeber.de\/blog\/tag\/heilung\/\" class=\"tag-cloud-link tag-link-72 tag-link-position-19\" style=\"font-size: 8pt;\" aria-label=\"Heilung (2\u00a0Eintr\u00e4ge)\">Heilung<\/a>\n<a href=\"https:\/\/renegraeber.de\/blog\/tag\/homoeopathie\/\" class=\"tag-cloud-link tag-link-100 tag-link-position-20\" style=\"font-size: 9.3548387096774pt;\" aria-label=\"Hom\u00f6opathie (3\u00a0Eintr\u00e4ge)\">Hom\u00f6opathie<\/a>\n<a href=\"https:\/\/renegraeber.de\/blog\/tag\/impfung\/\" class=\"tag-cloud-link tag-link-9 tag-link-position-21\" style=\"font-size: 12.177419354839pt;\" aria-label=\"Impfung (6\u00a0Eintr\u00e4ge)\">Impfung<\/a>\n<a href=\"https:\/\/renegraeber.de\/blog\/tag\/impfungen\/\" class=\"tag-cloud-link tag-link-18 tag-link-position-22\" style=\"font-size: 14.774193548387pt;\" aria-label=\"Impfungen (11\u00a0Eintr\u00e4ge)\">Impfungen<\/a>\n<a href=\"https:\/\/renegraeber.de\/blog\/tag\/kinder\/\" class=\"tag-cloud-link tag-link-58 tag-link-position-23\" style=\"font-size: 9.3548387096774pt;\" aria-label=\"Kinder (3\u00a0Eintr\u00e4ge)\">Kinder<\/a>\n<a href=\"https:\/\/renegraeber.de\/blog\/tag\/kinderrechte\/\" class=\"tag-cloud-link tag-link-126 tag-link-position-24\" style=\"font-size: 8pt;\" aria-label=\"Kinderrechte (2\u00a0Eintr\u00e4ge)\">Kinderrechte<\/a>\n<a href=\"https:\/\/renegraeber.de\/blog\/tag\/konzerne\/\" class=\"tag-cloud-link tag-link-81 tag-link-position-25\" style=\"font-size: 10.483870967742pt;\" aria-label=\"Konzerne (4\u00a0Eintr\u00e4ge)\">Konzerne<\/a>\n<a href=\"https:\/\/renegraeber.de\/blog\/tag\/krankenkassen\/\" class=\"tag-cloud-link tag-link-125 tag-link-position-26\" style=\"font-size: 9.3548387096774pt;\" aria-label=\"Krankenkassen (3\u00a0Eintr\u00e4ge)\">Krankenkassen<\/a>\n<a href=\"https:\/\/renegraeber.de\/blog\/tag\/krebs\/\" class=\"tag-cloud-link tag-link-55 tag-link-position-27\" style=\"font-size: 10.483870967742pt;\" aria-label=\"Krebs (4\u00a0Eintr\u00e4ge)\">Krebs<\/a>\n<a href=\"https:\/\/renegraeber.de\/blog\/tag\/medikamente\/\" class=\"tag-cloud-link tag-link-90 tag-link-position-28\" style=\"font-size: 12.741935483871pt;\" aria-label=\"Medikamente (7\u00a0Eintr\u00e4ge)\">Medikamente<\/a>\n<a href=\"https:\/\/renegraeber.de\/blog\/tag\/merkel\/\" class=\"tag-cloud-link tag-link-152 tag-link-position-29\" style=\"font-size: 9.3548387096774pt;\" aria-label=\"Merkel (3\u00a0Eintr\u00e4ge)\">Merkel<\/a>\n<a href=\"https:\/\/renegraeber.de\/blog\/tag\/mesz\/\" class=\"tag-cloud-link tag-link-209 tag-link-position-30\" style=\"font-size: 8pt;\" aria-label=\"MESZ (2\u00a0Eintr\u00e4ge)\">MESZ<\/a>\n<a href=\"https:\/\/renegraeber.de\/blog\/tag\/mobilfunk\/\" class=\"tag-cloud-link tag-link-113 tag-link-position-31\" style=\"font-size: 9.3548387096774pt;\" aria-label=\"Mobilfunk (3\u00a0Eintr\u00e4ge)\">Mobilfunk<\/a>\n<a href=\"https:\/\/renegraeber.de\/blog\/tag\/monsanto\/\" class=\"tag-cloud-link tag-link-36 tag-link-position-32\" style=\"font-size: 15.564516129032pt;\" aria-label=\"Monsanto (13\u00a0Eintr\u00e4ge)\">Monsanto<\/a>\n<a href=\"https:\/\/renegraeber.de\/blog\/tag\/nanotechnologie\/\" class=\"tag-cloud-link tag-link-114 tag-link-position-33\" style=\"font-size: 9.3548387096774pt;\" aria-label=\"Nanotechnologie (3\u00a0Eintr\u00e4ge)\">Nanotechnologie<\/a>\n<a href=\"https:\/\/renegraeber.de\/blog\/tag\/pcr-tests\/\" class=\"tag-cloud-link tag-link-159 tag-link-position-34\" style=\"font-size: 8pt;\" aria-label=\"PCR-Tests (2\u00a0Eintr\u00e4ge)\">PCR-Tests<\/a>\n<a href=\"https:\/\/renegraeber.de\/blog\/tag\/pharmakartell\/\" class=\"tag-cloud-link tag-link-42 tag-link-position-35\" style=\"font-size: 17.258064516129pt;\" aria-label=\"Pharmakartell (19\u00a0Eintr\u00e4ge)\">Pharmakartell<\/a>\n<a href=\"https:\/\/renegraeber.de\/blog\/tag\/politik\/\" class=\"tag-cloud-link tag-link-11 tag-link-position-36\" style=\"font-size: 15.564516129032pt;\" aria-label=\"Politik (13\u00a0Eintr\u00e4ge)\">Politik<\/a>\n<a href=\"https:\/\/renegraeber.de\/blog\/tag\/schulmedizin\/\" class=\"tag-cloud-link tag-link-48 tag-link-position-37\" style=\"font-size: 17.032258064516pt;\" aria-label=\"Schulmedizin (18\u00a0Eintr\u00e4ge)\">Schulmedizin<\/a>\n<a href=\"https:\/\/renegraeber.de\/blog\/tag\/schweinegrippe\/\" class=\"tag-cloud-link tag-link-43 tag-link-position-38\" style=\"font-size: 11.387096774194pt;\" aria-label=\"Schweinegrippe (5\u00a0Eintr\u00e4ge)\">Schweinegrippe<\/a>\n<a href=\"https:\/\/renegraeber.de\/blog\/tag\/sommerzeit\/\" class=\"tag-cloud-link tag-link-210 tag-link-position-39\" style=\"font-size: 8pt;\" aria-label=\"Sommerzeit (2\u00a0Eintr\u00e4ge)\">Sommerzeit<\/a>\n<a href=\"https:\/\/renegraeber.de\/blog\/tag\/studien\/\" class=\"tag-cloud-link tag-link-49 tag-link-position-40\" style=\"font-size: 12.177419354839pt;\" aria-label=\"Studien (6\u00a0Eintr\u00e4ge)\">Studien<\/a>\n<a href=\"https:\/\/renegraeber.de\/blog\/tag\/umweltschutz\/\" class=\"tag-cloud-link tag-link-88 tag-link-position-41\" style=\"font-size: 9.3548387096774pt;\" aria-label=\"Umweltschutz (3\u00a0Eintr\u00e4ge)\">Umweltschutz<\/a>\n<a href=\"https:\/\/renegraeber.de\/blog\/tag\/who\/\" class=\"tag-cloud-link tag-link-117 tag-link-position-42\" style=\"font-size: 11.387096774194pt;\" aria-label=\"WHO (5\u00a0Eintr\u00e4ge)\">WHO<\/a>\n<a href=\"https:\/\/renegraeber.de\/blog\/tag\/wissenschaft\/\" class=\"tag-cloud-link tag-link-50 tag-link-position-43\" style=\"font-size: 9.3548387096774pt;\" aria-label=\"Wissenschaft (3\u00a0Eintr\u00e4ge)\">Wissenschaft<\/a>\n<a href=\"https:\/\/renegraeber.de\/blog\/tag\/zeitumstellung\/\" class=\"tag-cloud-link tag-link-94 tag-link-position-44\" style=\"font-size: 12.741935483871pt;\" aria-label=\"Zeitumstellung (7\u00a0Eintr\u00e4ge)\">Zeitumstellung<\/a>\n<a href=\"https:\/\/renegraeber.de\/blog\/tag\/zucker\/\" class=\"tag-cloud-link tag-link-82 tag-link-position-45\" style=\"font-size: 9.3548387096774pt;\" aria-label=\"Zucker (3\u00a0Eintr\u00e4ge)\">Zucker<\/a><\/div>\n<span class=\"seperator extralight-border\"><\/span><\/section><\/div><\/div><\/p>\n","protected":false},"excerpt":{"rendered":"","protected":false},"author":1,"featured_media":0,"parent":0,"menu_order":0,"comment_status":"closed","ping_status":"closed","template":"","meta":{"footnotes":""},"class_list":["post-5254","page","type-page","status-publish","hentry"],"_links":{"self":[{"href":"https:\/\/renegraeber.de\/blog\/wp-json\/wp\/v2\/pages\/5254","targetHints":{"allow":["GET"]}}],"collection":[{"href":"https:\/\/renegraeber.de\/blog\/wp-json\/wp\/v2\/pages"}],"about":[{"href":"https:\/\/renegraeber.de\/blog\/wp-json\/wp\/v2\/types\/page"}],"author":[{"embeddable":true,"href":"https:\/\/renegraeber.de\/blog\/wp-json\/wp\/v2\/users\/1"}],"replies":[{"embeddable":true,"href":"https:\/\/renegraeber.de\/blog\/wp-json\/wp\/v2\/comments?post=5254"}],"version-history":[{"count":50,"href":"https:\/\/renegraeber.de\/blog\/wp-json\/wp\/v2\/pages\/5254\/revisions"}],"predecessor-version":[{"id":5830,"href":"https:\/\/renegraeber.de\/blog\/wp-json\/wp\/v2\/pages\/5254\/revisions\/5830"}],"wp:attachment":[{"href":"https:\/\/renegraeber.de\/blog\/wp-json\/wp\/v2\/media?parent=5254"}],"curies":[{"name":"wp","href":"https:\/\/api.w.org\/{rel}","templated":true}]}}